{"id":749,"date":"2023-10-25T00:00:18","date_gmt":"2023-10-25T00:00:18","guid":{"rendered":"https:\/\/iestphatunsoras.edu.pe\/2023-2\/?page_id=749"},"modified":"2026-03-08T16:18:21","modified_gmt":"2026-03-08T08:18:21","slug":"vision-mision-y-valores","status":"publish","type":"page","link":"https:\/\/iestpvilcanota.edu.pe\/?page_id=749","title":{"rendered":"Visi\u00f3n, Misi\u00f3n y Valores"},"content":{"rendered":"\t\t<div data-elementor-type=\"wp-page\" data-elementor-id=\"749\" class=\"elementor elementor-749\" data-elementor-post-type=\"page\">\n\t\t\t\t<div class=\"elementor-element elementor-element-793f700 e-flex e-con-boxed e-con e-parent\" data-id=\"793f700\" data-element_type=\"container\">\n\t\t\t\t\t<div class=\"e-con-inner\">\n\t\t<div class=\"elementor-element elementor-element-1968b9a e-con-full e-flex e-con e-child\" data-id=\"1968b9a\" data-element_type=\"container\">\n\t\t\t\t<div class=\"elementor-element elementor-element-758be68 elementor-widget elementor-widget-image\" data-id=\"758be68\" data-element_type=\"widget\" data-widget_type=\"image.default\">\n\t\t\t\t<div class=\"elementor-widget-container\">\n\t\t\t\t\t\t\t\t\t\t\t\t\t\t\t<img fetchpriority=\"high\" decoding=\"async\" width=\"245\" height=\"206\" src=\"https:\/\/iestpvilcanota.edu.pe\/wp-content\/uploads\/2025\/12\/Logo-Photoroom-3.png\" class=\"attachment-1536x1536 size-1536x1536 wp-image-4407\" alt=\"\" \/>\t\t\t\t\t\t\t\t\t\t\t\t\t\t\t<\/div>\n\t\t\t\t<\/div>\n\t\t\t\t<\/div>\n\t\t<div class=\"elementor-element elementor-element-a6bd7d8 e-con-full e-flex e-con e-child\" data-id=\"a6bd7d8\" data-element_type=\"container\">\n\t\t<div class=\"elementor-element elementor-element-9f6b484 e-con-full e-flex e-con e-child\" data-id=\"9f6b484\" data-element_type=\"container\">\n\t\t\t\t<div class=\"elementor-element elementor-element-30d1986 elementor-widget elementor-widget-heading\" data-id=\"30d1986\" data-element_type=\"widget\" data-widget_type=\"heading.default\">\n\t\t\t\t<div class=\"elementor-widget-container\">\n\t\t\t\t\t<h2 class=\"elementor-heading-title elementor-size-default\">Misi\u00f3n institucional<\/h2>\t\t\t\t<\/div>\n\t\t\t\t<\/div>\n\t\t\t\t<div class=\"elementor-element elementor-element-c2741ee elementor-widget elementor-widget-text-editor\" data-id=\"c2741ee\" data-element_type=\"widget\" data-widget_type=\"text-editor.default\">\n\t\t\t\t<div class=\"elementor-widget-container\">\n\t\t\t\t\t\t\t\t\t<p><span style=\"font-weight: 400;\">Somos una Instituci\u00f3n de Educaci\u00f3n Superior, licenciada con programas de estudios pertinentes, orientadas a la formaci\u00f3n de profesionales t\u00e9cnicos de calidad, altamente competitivos que contribuyen al desarrollo social de pa\u00eds con principios y valores \u00e9ticos, en atenci\u00f3n a la demanda del sector productivo de manera sostenible e inclusiva en el \u00e1mbito local, regional y nacional.<\/span><\/p>\t\t\t\t\t\t\t\t<\/div>\n\t\t\t\t<\/div>\n\t\t\t\t<\/div>\n\t\t<div class=\"elementor-element elementor-element-e20817b e-con-full e-flex e-con e-child\" data-id=\"e20817b\" data-element_type=\"container\">\n\t\t\t\t<div class=\"elementor-element elementor-element-1e8fc36 elementor-widget elementor-widget-heading\" data-id=\"1e8fc36\" data-element_type=\"widget\" data-widget_type=\"heading.default\">\n\t\t\t\t<div class=\"elementor-widget-container\">\n\t\t\t\t\t<h2 class=\"elementor-heading-title elementor-size-default\">Visi\u00f3n institucional<\/h2>\t\t\t\t<\/div>\n\t\t\t\t<\/div>\n\t\t\t\t<div class=\"elementor-element elementor-element-354fdb9 elementor-widget elementor-widget-text-editor\" data-id=\"354fdb9\" data-element_type=\"widget\" data-widget_type=\"text-editor.default\">\n\t\t\t\t<div class=\"elementor-widget-container\">\n\t\t\t\t\t\t\t\t\t<p><span style=\"font-weight: 400;\">Ser al a\u00f1o 2029 una Instituci\u00f3n de Educaci\u00f3n Superior que forma profesionales t\u00e9cnicos de calidad, altamente competitivos a nivel de la regi\u00f3n sur, teniendo como pilares la contribuci\u00f3n al desarrollo social del pa\u00eds, principios y valores \u00e9ticos, promoviendo el emprendimiento y la innovaci\u00f3n en atenci\u00f3n a la demanda del sector productivo y la demanda laboral, de manera sostenible e inclusiva en el \u00e1mbito local, regional y nacional<\/span><\/p>\t\t\t\t\t\t\t\t<\/div>\n\t\t\t\t<\/div>\n\t\t\t\t<\/div>\n\t\t\t\t<\/div>\n\t\t\t\t\t<\/div>\n\t\t\t\t<\/div>\n\t\t<div class=\"elementor-element elementor-element-4d476f1 e-flex e-con-boxed e-con e-parent\" data-id=\"4d476f1\" data-element_type=\"container\">\n\t\t\t\t\t<div class=\"e-con-inner\">\n\t\t<div class=\"elementor-element elementor-element-0e5f70e e-con-full e-flex e-con e-child\" data-id=\"0e5f70e\" data-element_type=\"container\">\n\t\t\t\t<div class=\"elementor-element elementor-element-2102fff elementor-widget elementor-widget-heading\" data-id=\"2102fff\" data-element_type=\"widget\" data-widget_type=\"heading.default\">\n\t\t\t\t<div class=\"elementor-widget-container\">\n\t\t\t\t\t<h2 class=\"elementor-heading-title elementor-size-default\"> Valores<\/h2>\t\t\t\t<\/div>\n\t\t\t\t<\/div>\n\t\t\t\t<div class=\"elementor-element elementor-element-a5d39fd elementor-widget elementor-widget-text-editor\" data-id=\"a5d39fd\" data-element_type=\"widget\" data-widget_type=\"text-editor.default\">\n\t\t\t\t<div class=\"elementor-widget-container\">\n\t\t\t\t\t\t\t\t\t<p><span style=\"font-weight: 400;\">Nuestras acciones, est\u00e1n guiadas por los valores que, generan aspectos positivos en la conducta y actitud de la comunidad educativa, por lo que consideramos los siguientes<\/span><\/p>\t\t\t\t\t\t\t\t<\/div>\n\t\t\t\t<\/div>\n\t\t\t\t<div class=\"elementor-element elementor-element-2c26e8e elementor-widget elementor-widget-text-editor\" data-id=\"2c26e8e\" data-element_type=\"widget\" data-widget_type=\"text-editor.default\">\n\t\t\t\t<div class=\"elementor-widget-container\">\n\t\t\t\t\t\t\t\t\t<ul>\n<li aria-level=\"2\"><b>Identidad institucional<\/b><\/li>\n<\/ul>\n<p><span style=\"font-weight: 400;\">Compromiso e identificaci\u00f3n del personal y estudiantes para con nuestra Instituci\u00f3n, en cada uno de sus actos dentro y fuera de ella.<\/span><\/p>\n<ul>\n<li aria-level=\"2\"><b>Puntualidad<\/b><\/li>\n<\/ul>\n<p><span style=\"font-weight: 400;\">Asumimos este valor como la virtud de coordinar cronol\u00f3gicamente para cumplir una tarea requerida o satisfacer una obligaci\u00f3n antes o en un plazo anteriormente comprometido.<\/span><\/p>\n<ul>\n<li aria-level=\"2\"><b>Responsabilidad<\/b><\/li>\n<\/ul>\n<div><span style=\"text-align: justify;\">El personal directivo, docente, administrativo y estudiantes de nuestra Instituci\u00f3n, encaminamos nuestros actos hacia el cumplimiento de la misi\u00f3n institucional, asimismo asumimos las consecuencias de nuestras acciones de manera positiva y buscamos soluciones<\/span><b><\/b><\/div>\n<ul>\n<li aria-level=\"2\"><b>&nbsp;Respeto<\/b><\/li><\/ul><div><p style=\"margin-bottom: 1em;\">Reconocemos, aceptamos, apreciamos y valoramos las cualidades y derechos del pr\u00f3jimo, respetando la constituci\u00f3n y las leyes, la diversidad econ\u00f3mica, racial o de credo, la convivencia en armon\u00eda con la sociedad y el medio ambiente, nos valoramos entre nosotros, as\u00ed mismo las cosas que utilizamos.<\/p><\/div><ul>\n<li aria-level=\"2\"><b>Trabajo en equipo<\/b><\/li><\/ul><div><p>Trabajamos cooperativamente en procesos y tareas para alcanzar objetivos compartidos.<\/p><\/div><ul>\n<li aria-level=\"2\"><b>Transparencia<\/b><\/li>\n<\/ul><div><span style=\"text-align: justify;\">Actuamos y utilizamos los recursos de manera transparente, clara, con informaci\u00f3n suficiente y oportuna y rendici\u00f3n de cuentas.<\/span><b><\/b><\/div>\n<p><br><\/p>\t\t\t\t\t\t\t\t<\/div>\n\t\t\t\t<\/div>\n\t\t\t\t<\/div>\n\t\t\t\t\t<\/div>\n\t\t\t\t<\/div>\n\t\t\t\t<\/div>\n\t\t","protected":false},"excerpt":{"rendered":"<p>Misi\u00f3n institucional Somos una Instituci\u00f3n de Educaci\u00f3n Superior, licenciada con programas de estudios pertinentes, orientadas a la formaci\u00f3n de profesionales t\u00e9cnicos de calidad, altamente competitivos que contribuyen al desarrollo social de pa\u00eds con principios y valores \u00e9ticos, en atenci\u00f3n a la demanda del sector productivo de manera sostenible e inclusiva en el \u00e1mbito local, regional&#8230;<\/p>\n","protected":false},"author":4,"featured_media":0,"parent":0,"menu_order":0,"comment_status":"closed","ping_status":"closed","template":"","meta":{"_kadence_starter_templates_imported_post":false,"_kad_post_transparent":"","_kad_post_title":"","_kad_post_layout":"default","_kad_post_sidebar_id":"","_kad_post_content_style":"default","_kad_post_vertical_padding":"default","_kad_post_feature":"default","_kad_post_feature_position":"","_kad_post_header":false,"_kad_post_footer":false,"_kad_post_classname":"","footnotes":""},"class_list":["post-749","page","type-page","status-publish","hentry"],"_links":{"self":[{"href":"https:\/\/iestpvilcanota.edu.pe\/index.php?rest_route=\/wp\/v2\/pages\/749","targetHints":{"allow":["GET"]}}],"collection":[{"href":"https:\/\/iestpvilcanota.edu.pe\/index.php?rest_route=\/wp\/v2\/pages"}],"about":[{"href":"https:\/\/iestpvilcanota.edu.pe\/index.php?rest_route=\/wp\/v2\/types\/page"}],"author":[{"embeddable":true,"href":"https:\/\/iestpvilcanota.edu.pe\/index.php?rest_route=\/wp\/v2\/users\/4"}],"replies":[{"embeddable":true,"href":"https:\/\/iestpvilcanota.edu.pe\/index.php?rest_route=%2Fwp%2Fv2%2Fcomments&post=749"}],"version-history":[{"count":81,"href":"https:\/\/iestpvilcanota.edu.pe\/index.php?rest_route=\/wp\/v2\/pages\/749\/revisions"}],"predecessor-version":[{"id":4476,"href":"https:\/\/iestpvilcanota.edu.pe\/index.php?rest_route=\/wp\/v2\/pages\/749\/revisions\/4476"}],"wp:attachment":[{"href":"https:\/\/iestpvilcanota.edu.pe\/index.php?rest_route=%2Fwp%2Fv2%2Fmedia&parent=749"}],"curies":[{"name":"wp","href":"https:\/\/api.w.org\/{rel}","templated":true}]}}