{"id":735,"date":"2023-10-24T23:52:30","date_gmt":"2023-10-24T23:52:30","guid":{"rendered":"https:\/\/iestphatunsoras.edu.pe\/2023-2\/?page_id=735"},"modified":"2026-03-08T16:18:07","modified_gmt":"2026-03-08T08:18:07","slug":"presentacion","status":"publish","type":"page","link":"https:\/\/iestpvilcanota.edu.pe\/?page_id=735","title":{"rendered":"Presentaci\u00f3n"},"content":{"rendered":"\t\t<div data-elementor-type=\"wp-page\" data-elementor-id=\"735\" class=\"elementor elementor-735\" data-elementor-post-type=\"page\">\n\t\t\t\t<div class=\"elementor-element elementor-element-227916a e-flex e-con-boxed e-con e-parent\" data-id=\"227916a\" data-element_type=\"container\">\n\t\t\t\t\t<div class=\"e-con-inner\">\n\t\t\t\t<div class=\"elementor-element elementor-element-7bdbab2b elementor-widget elementor-widget-text-editor\" data-id=\"7bdbab2b\" data-element_type=\"widget\" data-widget_type=\"text-editor.default\">\n\t\t\t\t<div class=\"elementor-widget-container\">\n\t\t\t\t\t\t\t\t\t<div class=\"wp-block-kadence-column kadence-column735_2e77a1-49\">\n<div class=\"kt-inside-inner-col\">\n<p><\/p>\n<p><span style=\"font-weight: 400;\">El IES P\u00fablico \u201cVilcanota\u201d, se encuentra en proceso de licenciamiento institucional, el mismo que cuenta con la participaci\u00f3n del equipo directivo, administrativo, docentes y estudiantes, as\u00ed como el apoyo del Minedu y GEREDU Cusco para el cumplimiento de los Medios de Verificaci\u00f3n de las Condiciones B\u00e1sicas de Calidad.\u00a0<\/span><\/p>\n<p><span style=\"font-weight: 400;\">En el a\u00f1o 2024, IES P\u00fablico \u201cVilcanota\u201d con el apoyo de toda la comunidad educativa y la iglesia cat\u00f3lica, dio un paso importante, con respecto a reducir la brecha de infraestructura, puesto que cada programa de estudios bajo el asesoramiento de sus respectivos coordinadores, la Direcci\u00f3n, trabajo del personal docentes y la colaboraci\u00f3n de los estudiantes, se logr\u00f3 implementar y adecuar laboratorios, talleres y centros de c\u00f3mputo. As\u00ed mismo, se inici\u00f3 con la construcci\u00f3n de tres ambientes, a los cuales, les falta el techado y acabado respectivo. Dicha obra se ejecut\u00f3 con la donaci\u00f3n de materiales de construcci\u00f3n de la municipalidad provincial de Canchis, las municipalidades distritales de Combapata y Pitumarca, as\u00ed como la participaci\u00f3n activa de los estudiantes egresados de los cinco programas de estudios.\u00a0<\/span><\/p>\n<p><span style=\"font-weight: 400;\">Seguidamente las gestiones emprendidas por la direcci\u00f3n, dieron sus frutos al conseguir el apoyo de la iglesia cat\u00f3lica, mediante el monse\u00f1or Pedro Alberto Bustamante L\u00f3pez, obispo de la prelatura de Sicuani y Ayaviri, se logr\u00f3 la adquisici\u00f3n de equipos de c\u00f3mputo de \u00faltima generaci\u00f3n para la implementaci\u00f3n del centro de c\u00f3mputo del PE de Contabilidad<\/span><\/p>\n<\/div>\n<\/div>\n<div class=\"wp-block-kadence-column kadence-column735_1aa2d1-02\">\n<div class=\"kt-inside-inner-col\">\n<figure class=\"wp-block-image size-full is-resized\"><img fetchpriority=\"high\" decoding=\"async\" class=\"alignnone size-full wp-image-4540\" src=\"https:\/\/iestpvilcanota.edu.pe\/wp-content\/uploads\/2025\/12\/CARA.png\" alt=\"\" width=\"1120\" height=\"677\" srcset=\"https:\/\/iestpvilcanota.edu.pe\/wp-content\/uploads\/2025\/12\/CARA.png 1120w, https:\/\/iestpvilcanota.edu.pe\/wp-content\/uploads\/2025\/12\/CARA-300x181.png 300w, https:\/\/iestpvilcanota.edu.pe\/wp-content\/uploads\/2025\/12\/CARA-1024x619.png 1024w, https:\/\/iestpvilcanota.edu.pe\/wp-content\/uploads\/2025\/12\/CARA-768x464.png 768w\" sizes=\"(max-width: 1120px) 100vw, 1120px\" \/><br \/>Adem\u00e1s, nuestra gesti\u00f3n se encuentra alineada con los lineamientos y objetivos del desarrollo nacional, regional y local, integrando instrumentos clave como el Plan Anual de Trabajo, el Reglamento Interno, el Manual de Perfil de Puestos, el Manual de Procesos Acad\u00e9micos, el Plan de Seguridad y Vigilancia, entre otros. Todo ello se articula con una cultura organizacional que promueve el pensamiento estrat\u00e9gico, la mejora continua y la excelencia educativa.\n<p>\u00a0<\/p>\n<p>\u00a0Desde nuestra creaci\u00f3n como instituci\u00f3n p\u00fablica, asumimos el compromiso de ofrecer una educaci\u00f3n t\u00e9cnica superior pertinente y de calidad para la juventud de Kimbiri y zonas aleda\u00f1as. Nuestra aspiraci\u00f3n es clara: ser un referente educativo que impulse el desarrollo humano y productivo de la regi\u00f3n La Convenci\u00f3n y del pa\u00eds.<\/p>\n<\/figure>\n<\/div>\n<\/div>\n<div class=\"wp-block-kadence-column kadence-column735_f149da-0a\">\n<div class=\"kt-inside-inner-col\">\n<p><\/p>\n<\/div>\n<\/div>\n<p><!-- \/wp:kadence\/column --><!-- \/wp:kadence\/rowlayout --><\/p>\n<p><!-- wp:group {\"layout\":{\"type\":\"constrained\"}} --><\/p>\n<div class=\"wp-block-group\">\n<p><!-- wp:kadence\/rowlayout {\"uniqueID\":\"735_0cebc8-6f\",\"colLayout\":\"equal\",\"kbVersion\":2} --><\/p>\n<p><!-- wp:kadence\/column {\"id\":2,\"borderWidth\":[\"\",\"\",\"\",\"\"],\"uniqueID\":\"735_b2a7ec-9f\",\"kbVersion\":2} --><\/p>\n<div class=\"wp-block-kadence-column kadence-column735_b2a7ec-9f\">\n<div class=\"kt-inside-inner-col\">\n<p><!-- wp:heading --><\/p>\n<h2>\u00a0<\/h2>\n<h2 class=\"wp-block-heading\" style=\"text-align: center;\">Rese\u00f1a hist\u00f3rica<\/h2>\n<p>\u00a0<\/p>\n<p><!-- \/wp:heading --><\/p>\n<p><!-- wp:paragraph --><\/p>\n<p><span style=\"font-weight: 400;\">La creaci\u00f3n del Instituto de Educaci\u00f3n Superior Tecnol\u00f3gico P\u00fablico \u201cVilcanota\u201d de Sicuani, fue gracias al esfuerzo desplegado por sus autoridades, sus habitantes y sobre todo de la juventud por el anhelo de contar con un Instituto Superior de Estudios de car\u00e1cter tecnol\u00f3gico.<\/span><\/p>\n<p><span style=\"font-weight: 400;\">Por pol\u00edtica educativa del gobierno del arquitecto Fernando Belaunde Terry, se crea el Centro Superior de Educaci\u00f3n T\u00e9cnica, por Ley N.\u00ba 16601 del 15 de junio de 1967, dando apertura a la Carrera Profesional de Agropecuaria, siendo director interno del Ing. Rodolfo Pe\u00f1aloza Lude\u00f1a, inici\u00f3 sus actividades en el a\u00f1o 1968 como Centro Superior de Educaci\u00f3n T\u00e9cnica, ofertando la Carrera Profesional de Agropecuaria, siendo suspendida su funcionamiento en el Gobierno Militar del General Juan Velasco Alvarado-<\/span><\/p>\n<p><span style=\"font-weight: 400;\">Por un anhelo y petici\u00f3n permanente de las autoridades de la provincia de Canchis y provincias Altas, solicitaron la reapertura del Centro Superior de Educaci\u00f3n T\u00e9cnica, materializ\u00e1ndose el 16 de agosto 1984 mediante R.M. N\u00ba 974-84-ED, Resoluci\u00f3n de creaci\u00f3n con el nombre de \u201cInstituto Superior Tecnol\u00f3gico Vilcanota\u201d, siendo su primer director el profesor Martin Olivera Z\u00fa\u00f1iga, empezando su funcionamiento con las Carreras Profesionales de Producci\u00f3n Agr\u00edcola, Producci\u00f3n Pecuaria y Construcci\u00f3n Civil, a partir del 07 de junio de 1985.<\/span><\/p>\n<p><span style=\"font-weight: 400;\">Las primeras acciones educativas, se llevan a cabo en el colegio de Santa Sof\u00eda, luego se traslad\u00f3 a las instalaciones del Colegio Julio Alberto Ponce Ant\u00fanez de Mayolo, Instituciones educativas que facilitaron sus ambientes para poder concluir el primer semestre acad\u00e9mico 1985-I.<\/span><\/p>\n<p><span style=\"font-weight: 400;\">Para el segundo semestre 1985-II los docentes y estudiantes conscientes de contar con local propio y a petici\u00f3n de la comunidad de Trapiche, se trasladan a las instalaciones de la Escuela Primaria de dicha comunidad, pero en los meses de febrero y marzo por motivo de la temporada de lluvias, es culminando el segundo semestre 1985-II en la Escuela 791 de Sicuani. En el a\u00f1o 1986, a trav\u00e9s de la Resoluci\u00f3n Directoral N\u00b0 1013-86 del 07 de marzo, se dispone fusionar las carreras de Producci\u00f3n agr\u00edcola y Producci\u00f3n Pecuaria en una sola carrera denominada Producci\u00f3n Agropecuaria.<\/span><\/p>\n<p><span style=\"font-weight: 400;\">Por R.D. N\u00ba 0120 de abril de 1986 se entrega al instituto la pintoresca escuelita de Hierba Buena de la comunidad de Suyo a 3km de la ciudad de Sicuani, donde permanecieron el I y II semestres (1986-I y 1986-II), as\u00ed mismo, se dicta clases en la comunidad de Chumo.<\/span><\/p>\n<p><span style=\"font-weight: 400;\">La comunidad de Pampa Phalla conscientes de la importancia de la educaci\u00f3n superior tecnol\u00f3gica, decidieron donar el terreno, donde se hizo la construcci\u00f3n del local y actualmente se desarrolla las actividades acad\u00e9micas, administrativas y de gesti\u00f3n. El terreno se encuentra ubicado en la Av. Confederaci\u00f3n S\/N y cuenta con 35,895.00 m2 y se encuentra con partida registral con asiento N\u00b0 02 y Ficha N\u00b0 5847.<\/span><\/p>\n<p><span style=\"font-weight: 400;\">Con Resoluci\u00f3n Directoral N\u00b0 0126-2007-ED del 5 de marzo, se autoriza a desarrollar el Dise\u00f1o Curricular B\u00e1sico de la Educaci\u00f3n Superior Tecnol\u00f3gica con car\u00e1cter experimental, antes denominadas carreras profesionales y hoy Programas de Estudios de: Producci\u00f3n Agropecuaria, Construcci\u00f3n Civil, Enfermer\u00eda T\u00e9cnica, Contabilidad, Computaci\u00f3n e inform\u00e1tica. Posteriormente en el a\u00f1o 2010 se aplica el nuevo Dise\u00f1o Curricular B\u00e1sico para el Programa de Estudios de Mec\u00e1nica Agr\u00edcola.<\/span><\/p>\n<\/div>\n<\/div>\n<div class=\"wp-block-kadence-column kadence-column735_831e9c-9b\">\n<div class=\"kt-inside-inner-col\">\n<p><!-- \/wp:image --><\/p>\n<p><!-- \/wp:gallery --><\/p>\n<\/div>\n<\/div>\n<p><!-- \/wp:kadence\/column --><!-- \/wp:kadence\/rowlayout --><\/p>\n<\/div>\n<p><!-- \/wp:group --><\/p>\n<p><!-- wp:paragraph --><\/p>\n<p><!-- \/wp:paragraph --><\/p>\t\t\t\t\t\t\t\t<\/div>\n\t\t\t\t<\/div>\n\t\t\t\t\t<\/div>\n\t\t\t\t<\/div>\n\t\t\t\t<\/div>\n\t\t","protected":false},"excerpt":{"rendered":"<p>El IES P\u00fablico \u201cVilcanota\u201d, se encuentra en proceso de licenciamiento institucional, el mismo que cuenta con la participaci\u00f3n del equipo directivo, administrativo, docentes y estudiantes, as\u00ed como el apoyo del Minedu y GEREDU Cusco para el cumplimiento de los Medios de Verificaci\u00f3n de las Condiciones B\u00e1sicas de Calidad.\u00a0 En el a\u00f1o 2024, IES P\u00fablico \u201cVilcanota\u201d&#8230;<\/p>\n","protected":false},"author":4,"featured_media":2645,"parent":0,"menu_order":0,"comment_status":"closed","ping_status":"closed","template":"","meta":{"_kadence_starter_templates_imported_post":false,"_kad_post_transparent":"","_kad_post_title":"","_kad_post_layout":"","_kad_post_sidebar_id":"","_kad_post_content_style":"","_kad_post_vertical_padding":"","_kad_post_feature":"","_kad_post_feature_position":"","_kad_post_header":false,"_kad_post_footer":false,"_kad_post_classname":"","footnotes":""},"class_list":["post-735","page","type-page","status-publish","has-post-thumbnail","hentry"],"_links":{"self":[{"href":"https:\/\/iestpvilcanota.edu.pe\/index.php?rest_route=\/wp\/v2\/pages\/735","targetHints":{"allow":["GET"]}}],"collection":[{"href":"https:\/\/iestpvilcanota.edu.pe\/index.php?rest_route=\/wp\/v2\/pages"}],"about":[{"href":"https:\/\/iestpvilcanota.edu.pe\/index.php?rest_route=\/wp\/v2\/types\/page"}],"author":[{"embeddable":true,"href":"https:\/\/iestpvilcanota.edu.pe\/index.php?rest_route=\/wp\/v2\/users\/4"}],"replies":[{"embeddable":true,"href":"https:\/\/iestpvilcanota.edu.pe\/index.php?rest_route=%2Fwp%2Fv2%2Fcomments&post=735"}],"version-history":[{"count":120,"href":"https:\/\/iestpvilcanota.edu.pe\/index.php?rest_route=\/wp\/v2\/pages\/735\/revisions"}],"predecessor-version":[{"id":4623,"href":"https:\/\/iestpvilcanota.edu.pe\/index.php?rest_route=\/wp\/v2\/pages\/735\/revisions\/4623"}],"wp:attachment":[{"href":"https:\/\/iestpvilcanota.edu.pe\/index.php?rest_route=%2Fwp%2Fv2%2Fmedia&parent=735"}],"curies":[{"name":"wp","href":"https:\/\/api.w.org\/{rel}","templated":true}]}}