{"id":4491,"date":"2025-12-09T16:37:00","date_gmt":"2025-12-09T08:37:00","guid":{"rendered":"https:\/\/iestpvilcanota.edu.pe\/?page_id=4491"},"modified":"2026-03-08T16:17:53","modified_gmt":"2026-03-08T08:17:53","slug":"enfermeria-tecnica-2","status":"publish","type":"page","link":"https:\/\/iestpvilcanota.edu.pe\/?page_id=4491","title":{"rendered":"ENFERMERIA TECNICA"},"content":{"rendered":"\n<p class=\"has-text-align-left wp-block-paragraph\">El profesional T\u00e9cnico en Enfermer\u00eda T\u00e9cnica colabora estrechamente con el equipo asistencial de salud en la atenci\u00f3n integral de la persona, familia y comunidad; considerando los niveles de atenci\u00f3n en las diferentes etapas de la vida con calidad y calidez, cumpliendo las normas de bioseguridad y protocolos establecidos enfatizando en la atenci\u00f3n primaria mediante acciones de promoci\u00f3n y prevenci\u00f3n de enfermedades.<br>Es una carrera donde la vocaci\u00f3n de servicio y la pro actividad ofrece m\u00faltiples posibilidades de acci\u00f3n en establecimientos de salud, desde las m\u00e1s peque\u00f1as hasta las m\u00e1s complejas instituciones p\u00fablicas o privadas.<br>El Profesional T\u00e9cnico en Enfermer\u00eda demuestra en sus acciones valores \u00e9ticos y deontol\u00f3gicos inherentes a su formaci\u00f3n..<\/p>\n\n\n<div class=\"wp-block-image\">\n<figure class=\"aligncenter size-full is-resized\"><img fetchpriority=\"high\" decoding=\"async\" width=\"1600\" height=\"1200\" src=\"https:\/\/iestpvilcanota.edu.pe\/wp-content\/uploads\/2025\/12\/Imagen-de-WhatsApp-2025-12-10-a-las-11.09.44_c0b601cf.jpg\" alt=\"\" class=\"wp-image-4753\" style=\"aspect-ratio:1.6305889378219005;width:1026px;height:auto\" srcset=\"https:\/\/iestpvilcanota.edu.pe\/wp-content\/uploads\/2025\/12\/Imagen-de-WhatsApp-2025-12-10-a-las-11.09.44_c0b601cf.jpg 1600w, https:\/\/iestpvilcanota.edu.pe\/wp-content\/uploads\/2025\/12\/Imagen-de-WhatsApp-2025-12-10-a-las-11.09.44_c0b601cf-300x225.jpg 300w, https:\/\/iestpvilcanota.edu.pe\/wp-content\/uploads\/2025\/12\/Imagen-de-WhatsApp-2025-12-10-a-las-11.09.44_c0b601cf-1024x768.jpg 1024w, https:\/\/iestpvilcanota.edu.pe\/wp-content\/uploads\/2025\/12\/Imagen-de-WhatsApp-2025-12-10-a-las-11.09.44_c0b601cf-768x576.jpg 768w, https:\/\/iestpvilcanota.edu.pe\/wp-content\/uploads\/2025\/12\/Imagen-de-WhatsApp-2025-12-10-a-las-11.09.44_c0b601cf-1536x1152.jpg 1536w\" sizes=\"(max-width: 1600px) 100vw, 1600px\" \/><\/figure>\n<\/div>\n\n\n<h3 class=\"wp-block-heading\">Datos del programa<\/h3>\n\n\n<style>.kt-tabs-id4491_860664-7b > .kt-tabs-content-wrap > .wp-block-kadence-tab{border-top:2px solid var(--global-palette1, #3182CE);border-right:2px solid var(--global-palette1, #3182CE);border-bottom:2px solid var(--global-palette1, #3182CE);border-left:2px solid var(--global-palette1, #3182CE);border-top-right-radius:0px;border-bottom-right-radius:8px;border-bottom-left-radius:8px;padding-top:var(--global-kb-spacing-sm, 1.5rem);padding-right:var(--global-kb-spacing-sm, 1.5rem);padding-bottom:var(--global-kb-spacing-sm, 1.5rem);padding-left:var(--global-kb-spacing-sm, 1.5rem);background:var(--global-palette9, #ffffff);}.wp-block-kadence-tabs .kt-tabs-id4491_860664-7b > .kt-tabs-title-list li{margin-top:0px;margin-right:8px;margin-bottom:0px;margin-left:0px;}.wp-block-kadence-tabs .kt-tabs-id4491_860664-7b > .kt-tabs-title-list li:last-child{margin-right:0px;}.wp-block-kadence-tabs .kt-tabs-id4491_860664-7b > .kt-tabs-title-list li .kt-tab-title, .wp-block-kadence-tabs .kt-tabs-id4491_860664-7b > .kt-tabs-content-wrap > .kt-tabs-accordion-title .kt-tab-title{line-height:1.4em;font-weight:600;font-style:normal;border-top-width:0px;border-right-width:0px;border-bottom-width:0px;border-left-width:0px;border-top-left-radius:4px;border-top-right-radius:4px;border-bottom-right-radius:0px;border-bottom-left-radius:0px;padding-top:8px;padding-right:20px;padding-bottom:8px;padding-left:20px;border-color:#118c6c;color:var(--global-palette9, #ffffff);background:var(--global-palette1, #3182CE);}.wp-block-kadence-tabs .kt-tabs-id4491_860664-7b > .kt-tabs-content-wrap > .kt-tabs-accordion-title .kt-tab-title{margin-top:0px;margin-right:8px;margin-bottom:0px;margin-left:0px;}.wp-block-kadence-tabs .kt-tabs-id4491_860664-7b > .kt-tabs-title-list li .kt-tab-title:hover, .wp-block-kadence-tabs .kt-tabs-id4491_860664-7b > .kt-tabs-content-wrap > .kt-tabs-accordion-title .kt-tab-title:hover{border-color:var(--global-palette7, #eeeeee);color:var(--global-palette3, #1A202C);background:var(--global-palette8, #F7FAFC);}.wp-block-kadence-tabs .kt-tabs-id4491_860664-7b > .kt-tabs-title-list li.kt-tab-title-active .kt-tab-title, .wp-block-kadence-tabs .kt-tabs-id4491_860664-7b > .kt-tabs-content-wrap > .kt-tabs-accordion-title.kt-tab-title-active .kt-tab-title{border-color:var(--global-palette1, #3182CE);color:#040037;background:var(--global-palette8, #F7FAFC);}@media all and (max-width: 1024px){.kt-tabs-id4491_860664-7b > .kt-tabs-content-wrap > .wp-block-kadence-tab{border-top:2px solid var(--global-palette1, #3182CE);border-right:2px solid var(--global-palette1, #3182CE);border-bottom:2px solid var(--global-palette1, #3182CE);border-left:2px solid var(--global-palette1, #3182CE);}}@media all and (max-width: 767px){.kt-tabs-id4491_860664-7b > .kt-tabs-content-wrap > .wp-block-kadence-tab{border-top:2px solid var(--global-palette1, #3182CE);border-right:2px solid var(--global-palette1, #3182CE);border-bottom:2px solid var(--global-palette1, #3182CE);border-left:2px solid var(--global-palette1, #3182CE);}}<\/style>\n<div class=\"wp-block-kadence-tabs alignnone\"><div class=\"kt-tabs-wrap kt-tabs-id4491_860664-7b kt-tabs-has-4-tabs kt-active-tab-1 kt-tabs-layout-tabs kt-tabs-tablet-layout-inherit kt-tabs-mobile-layout-inherit kt-tab-alignment-left \"><ul class=\"kt-tabs-title-list\"><li id=\"tab-perfildeegreso\" class=\"kt-title-item kt-title-item-1 kt-tabs-svg-show-always kt-tabs-icon-side-right kt-tab-title-active\"><a href=\"#tab-perfildeegreso\" data-tab=\"1\" class=\"kt-tab-title kt-tab-title-1 \"><span class=\"kt-title-text\">Perfil de egreso<\/span><\/a><\/li><li id=\"tab-mbitosdedesempeo\" class=\"kt-title-item kt-title-item-2 kt-tabs-svg-show-always kt-tabs-icon-side-right kt-tab-title-inactive\"><a href=\"#tab-mbitosdedesempeo\" data-tab=\"2\" class=\"kt-tab-title kt-tab-title-2 \"><span class=\"kt-title-text\">\u00c1mbitos de desempe\u00f1o<\/span><\/a><\/li><li id=\"tab-itinerarioformativo\" class=\"kt-title-item kt-title-item-3 kt-tabs-svg-show-always kt-tabs-icon-side-right kt-tab-title-inactive\"><a href=\"#tab-itinerarioformativo\" data-tab=\"3\" class=\"kt-tab-title kt-tab-title-3 \"><span class=\"kt-title-text\">Itinerario Formativo<\/span><\/a><\/li><li id=\"tab-horarios\" class=\"kt-title-item kt-title-item-4 kt-tabs-svg-show-always kt-tabs-icon-side-right kt-tab-title-inactive\"><a href=\"#tab-horarios\" data-tab=\"4\" class=\"kt-tab-title kt-tab-title-4 \"><span class=\"kt-title-text\">Horarios<\/span><\/a><\/li><\/ul><div class=\"kt-tabs-content-wrap\">\n<div class=\"wp-block-kadence-tab kt-tab-inner-content kt-inner-tab-1 kt-inner-tab4420a2-41\"><div class=\"kt-tab-inner-content-inner\">\n<p class=\"wp-block-paragraph\">El egresado del Programa de Estudios de Enfermer\u00eda T\u00e9cnica del Instituto de Educaci\u00f3n Superior Tecnol\u00f3gico P\u00fablico Vilcanota de Sicuani, est\u00e1 en la capacidad de realizar actividades de promoci\u00f3n y prevenci\u00f3n de la salud individual y colectiva<\/p>\n\n\n\n<p class=\"wp-block-paragraph\">As\u00ed mismo asiste a las necesidades b\u00e1sicas y los cuidados integrales de salud a las personas por etapas de vida, de acuerdo con la pol\u00edtica sectorial, nacional, regional y la normativa vigente.<\/p>\n\n\n\n<p class=\"wp-block-paragraph\">Se integra al entorno laboral mediante una comunicaci\u00f3n efectiva, interactuando en diversas situaciones con el idioma ingl\u00e9s, manejando herramientas inform\u00e1ticas de las TIC, estableciendo relaciones con respeto y justicia, fortaleciendo sus habilidades socioemocionales y de liderazgo, soluciona problemas con creatividad e innovaci\u00f3n, teniendo en cuenta los efectos de los problemas ambientales que afectan al planeta; desarrolla procedimientos enfocados en la mejora de un proceso o producto o servicio en respuesta a un problema o una oportunidad, teniendo en cuenta el trabajo colaborativo y la interculturalidad.<\/p>\n\n\n\n<p class=\"wp-block-paragraph\"><strong><em>El Profesional T\u00e9cnico Egresado del IESTP Vilcanota contar\u00e1 con las habilidades necesarias para desempe\u00f1arse en las organizaciones del sector p\u00fablico o privado.<\/em><\/strong><\/p>\n<\/div><\/div>\n\n\n\n<div class=\"wp-block-kadence-tab kt-tab-inner-content kt-inner-tab-2 kt-inner-tab7518cd-82\"><div class=\"kt-tab-inner-content-inner\">\n<p class=\"wp-block-paragraph\"><strong>El Egresado del programa est\u00e1 en la capacidad de desempe\u00f1arse en organizaciones p\u00fablicas y privadas en las siguientes \u00e1reas:<\/strong><\/p>\n\n\n\n<ul class=\"wp-block-list\">\n<li>Producci\u00f3n de cultivos y crianza de animales.<\/li>\n\n\n\n<li>Ejecuci\u00f3n y mantenimiento de proyectos ornamentales y viveros municipales.<\/li>\n\n\n\n<li>Asistencia t\u00e9cnica en cultivos y crianza en fundos agr\u00edcolas y granjas (av\u00edcolas, porcinas, ovinas y vacunos).<\/li>\n\n\n\n<li>Producci\u00f3n pecuaria.<\/li>\n\n\n\n<li>Sanidad vegetal y animal.<\/li>\n\n\n\n<li>Cosecha y pos cosecha.<\/li>\n\n\n\n<li>Empaque y embalaje de productos agropecuarios.<\/li>\n\n\n\n<li>Procesamiento y transformaci\u00f3n de productos agropecuarios.<\/li>\n\n\n\n<li>Comercializaci\u00f3n de productos agropecuarios.<\/li>\n\n\n\n<li>Almacenamiento y conservaci\u00f3n de productos agropecuarios\u200b\u200b.<\/li>\n<\/ul>\n<\/div><\/div>\n\n\n\n<div class=\"wp-block-kadence-tab kt-tab-inner-content kt-inner-tab-3 kt-inner-tab568bf3-15\"><div class=\"kt-tab-inner-content-inner\">\n<div class=\"wp-block-columns is-layout-flex wp-container-core-columns-is-layout-8f761849 wp-block-columns-is-layout-flex\">\n<div class=\"wp-block-column is-layout-flow wp-block-column-is-layout-flow\" style=\"flex-basis:100%\">\n<p class=\"has-text-align-center wp-block-paragraph\">PLAN DE ESTUDIOS DE PROGRAMA DE ESTUDIOS DE ENFERMER\u00cdA T\u00c9CNICA<\/p>\n\n\n\n<div class=\"wp-block-columns is-layout-flex wp-container-core-columns-is-layout-8f761849 wp-block-columns-is-layout-flex\">\n<div class=\"wp-block-column is-layout-flow wp-block-column-is-layout-flow\">\n<div data-wp-interactive=\"core\/file\" class=\"wp-block-file\"><object data-wp-bind--hidden=\"!state.hasPdfPreview\" hidden class=\"wp-block-file__embed\" data=\"https:\/\/iestpvilcanota.edu.pe\/wp-content\/uploads\/2025\/12\/ITINERARIO-ENF.TEC_1.pdf\" type=\"application\/pdf\" style=\"width:100%;height:600px\" aria-label=\"Incrustado de ITINERARIO-ENF.TEC_(1).\"><\/object><a id=\"wp-block-file--media-363da22e-4b56-4d85-8f6a-9c8425074656\" href=\"https:\/\/iestpvilcanota.edu.pe\/wp-content\/uploads\/2025\/12\/ITINERARIO-ENF.TEC_1.pdf\">ITINERARIO-ENF.TEC_(1)<\/a><a href=\"https:\/\/iestpvilcanota.edu.pe\/wp-content\/uploads\/2025\/12\/ITINERARIO-ENF.TEC_1.pdf\" class=\"wp-block-file__button wp-element-button\" download aria-describedby=\"wp-block-file--media-363da22e-4b56-4d85-8f6a-9c8425074656\">Descarga<\/a><\/div>\n<\/div>\n<\/div>\n<\/div>\n<\/div>\n<\/div><\/div>\n\n\n\n<div class=\"wp-block-kadence-tab kt-tab-inner-content kt-inner-tab-4 kt-inner-tabf766d0-4b\"><div class=\"kt-tab-inner-content-inner\"><style>.kb-row-layout-id4491_b4871b-f6 > .kt-row-column-wrap{align-content:start;}:where(.kb-row-layout-id4491_b4871b-f6 > .kt-row-column-wrap) > .wp-block-kadence-column{justify-content:start;}.kb-row-layout-id4491_b4871b-f6 > .kt-row-column-wrap{column-gap:var(--global-kb-gap-md, 2rem);row-gap:var(--global-kb-gap-md, 2rem);padding-top:var(--global-kb-spacing-sm, 1.5rem);padding-bottom:var(--global-kb-spacing-sm, 1.5rem);grid-template-columns:minmax(0, 1fr);}.kb-row-layout-id4491_b4871b-f6 > .kt-row-layout-overlay{opacity:0.30;}@media all and (max-width: 1024px){.kb-row-layout-id4491_b4871b-f6 > .kt-row-column-wrap{grid-template-columns:minmax(0, 1fr);}}@media all and (max-width: 767px){.kb-row-layout-id4491_b4871b-f6 > .kt-row-column-wrap{grid-template-columns:minmax(0, 1fr);}}<\/style><div class=\"kb-row-layout-wrap kb-row-layout-id4491_b4871b-f6 alignnone wp-block-kadence-rowlayout\"><div class=\"kt-row-column-wrap kt-has-1-columns kt-row-layout-equal kt-tab-layout-inherit kt-mobile-layout-row kt-row-valign-top\">\n<style>.kadence-column4491_2a978a-cd > .kt-inside-inner-col,.kadence-column4491_2a978a-cd > .kt-inside-inner-col:before{border-top-left-radius:0px;border-top-right-radius:0px;border-bottom-right-radius:0px;border-bottom-left-radius:0px;}.kadence-column4491_2a978a-cd > .kt-inside-inner-col{column-gap:var(--global-kb-gap-sm, 1rem);}.kadence-column4491_2a978a-cd > .kt-inside-inner-col{flex-direction:column;}.kadence-column4491_2a978a-cd > .kt-inside-inner-col > .aligncenter{width:100%;}.kadence-column4491_2a978a-cd > .kt-inside-inner-col:before{opacity:0.3;}.kadence-column4491_2a978a-cd{position:relative;}@media all and (max-width: 1024px){.kadence-column4491_2a978a-cd > .kt-inside-inner-col{flex-direction:column;justify-content:center;}}@media all and (max-width: 767px){.kadence-column4491_2a978a-cd > .kt-inside-inner-col{flex-direction:column;justify-content:center;}}<\/style>\n<div class=\"wp-block-kadence-column kadence-column4491_2a978a-cd\"><div class=\"kt-inside-inner-col\">\n<h3 class=\"wp-block-heading\">Horario acad\u00e9mico<\/h3>\n\n\n\n<p class=\"wp-block-paragraph\">El IETP dispone de un horario general y de turno ma\u00f1ana. El horario general aplica a los dos programas de estudios y a los seis semestres (I, II, III, IV, V, VI) acad\u00e9micos.<\/p>\n<\/div><\/div>\n\n<\/div><\/div>\n\n\n<div class=\"wp-block-columns is-layout-flex wp-container-core-columns-is-layout-8f761849 wp-block-columns-is-layout-flex\">\n<div class=\"wp-block-column is-layout-flow wp-block-column-is-layout-flow\" style=\"flex-basis:100%\"><style>.kb-row-layout-id4491_c67517-de > .kt-row-column-wrap{align-content:start;}:where(.kb-row-layout-id4491_c67517-de > .kt-row-column-wrap) > .wp-block-kadence-column{justify-content:start;}.kb-row-layout-id4491_c67517-de > .kt-row-column-wrap{column-gap:var(--global-kb-gap-md, 2rem);row-gap:var(--global-kb-gap-md, 2rem);padding-top:var(--global-kb-spacing-sm, 1.5rem);padding-bottom:var(--global-kb-spacing-sm, 1.5rem);grid-template-columns:minmax(0, 1fr);}.kb-row-layout-id4491_c67517-de > .kt-row-layout-overlay{opacity:0.30;}@media all and (max-width: 1024px){.kb-row-layout-id4491_c67517-de > .kt-row-column-wrap{grid-template-columns:minmax(0, 1fr);}}@media all and (max-width: 767px){.kb-row-layout-id4491_c67517-de > .kt-row-column-wrap{grid-template-columns:minmax(0, 1fr);}}<\/style><div class=\"kb-row-layout-wrap kb-row-layout-id4491_c67517-de alignnone wp-block-kadence-rowlayout\"><div class=\"kt-row-column-wrap kt-has-1-columns kt-row-layout-equal kt-tab-layout-inherit kt-mobile-layout-row kt-row-valign-top\">\n<style>.kadence-column4491_817a5a-5c > .kt-inside-inner-col,.kadence-column4491_817a5a-5c > .kt-inside-inner-col:before{border-top-left-radius:0px;border-top-right-radius:0px;border-bottom-right-radius:0px;border-bottom-left-radius:0px;}.kadence-column4491_817a5a-5c > .kt-inside-inner-col{column-gap:var(--global-kb-gap-sm, 1rem);}.kadence-column4491_817a5a-5c > .kt-inside-inner-col{flex-direction:column;}.kadence-column4491_817a5a-5c > .kt-inside-inner-col > .aligncenter{width:100%;}.kadence-column4491_817a5a-5c > .kt-inside-inner-col:before{opacity:0.3;}.kadence-column4491_817a5a-5c{position:relative;}@media all and (max-width: 1024px){.kadence-column4491_817a5a-5c > .kt-inside-inner-col{flex-direction:column;justify-content:center;}}@media all and (max-width: 767px){.kadence-column4491_817a5a-5c > .kt-inside-inner-col{flex-direction:column;justify-content:center;}}<\/style>\n<div class=\"wp-block-kadence-column kadence-column4491_817a5a-5c\"><div class=\"kt-inside-inner-col\">\n<h3 class=\"wp-block-heading\">Distribuci\u00f3n de horas 2025-1<\/h3>\n\n\n\n<div data-wp-interactive=\"core\/file\" class=\"wp-block-file\"><object data-wp-bind--hidden=\"!state.hasPdfPreview\" hidden class=\"wp-block-file__embed\" data=\"https:\/\/iestpvilcanota.edu.pe\/wp-content\/uploads\/2025\/12\/ENFERMERIA-TECNICA-HORARIO.pdf\" type=\"application\/pdf\" style=\"width:100%;height:600px\" aria-label=\"Incrustado de ENFERMERIA TECNICA HORARIO.\"><\/object><a id=\"wp-block-file--media-ee364451-a460-487d-b551-7fa135ee2f89\" href=\"https:\/\/iestpvilcanota.edu.pe\/wp-content\/uploads\/2025\/12\/ENFERMERIA-TECNICA-HORARIO.pdf\">ENFERMERIA TECNICA HORARIO<\/a><a href=\"https:\/\/iestpvilcanota.edu.pe\/wp-content\/uploads\/2025\/12\/ENFERMERIA-TECNICA-HORARIO.pdf\" class=\"wp-block-file__button wp-element-button\" download aria-describedby=\"wp-block-file--media-ee364451-a460-487d-b551-7fa135ee2f89\">Descarga<\/a><\/div>\n<\/div><\/div>\n\n<\/div><\/div><\/div>\n<\/div>\n<\/div><\/div>\n<\/div><\/div><\/div>\n\n\n\n<h3 class=\"wp-block-heading\">Duraci\u00f3n<\/h3>\n\n\n\n<p class=\"wp-block-paragraph\"><strong>03 a\u00f1os de estudio<\/strong>&nbsp;(seis semestres acad\u00e9micos)<\/p>\n\n\n\n<h3 class=\"wp-block-heading\">T\u00edtulo a Nombre de la Naci\u00f3n<\/h3>\n\n\n\n<p class=\"wp-block-paragraph\">Profesional T\u00e9cnico en<strong>\u00a0<\/strong>Enfermer\u00eda T\u00e9cnica<\/p>\n\n\n\n<p class=\"wp-block-paragraph\"><\/p>\n","protected":false},"excerpt":{"rendered":"<p>El profesional T\u00e9cnico en Enfermer\u00eda T\u00e9cnica colabora estrechamente con el equipo asistencial de salud en la atenci\u00f3n integral de la persona, familia y comunidad; considerando los niveles de atenci\u00f3n en las diferentes etapas de la vida con calidad y calidez, cumpliendo las normas de bioseguridad y protocolos establecidos enfatizando en la atenci\u00f3n primaria mediante acciones&#8230;<\/p>\n","protected":false},"author":5,"featured_media":0,"parent":0,"menu_order":0,"comment_status":"closed","ping_status":"closed","template":"","meta":{"_kadence_starter_templates_imported_post":false,"_kad_post_transparent":"","_kad_post_title":"show","_kad_post_layout":"default","_kad_post_sidebar_id":"","_kad_post_content_style":"boxed","_kad_post_vertical_padding":"hide","_kad_post_feature":"hide","_kad_post_feature_position":"","_kad_post_header":false,"_kad_post_footer":false,"_kad_post_classname":"","footnotes":""},"class_list":["post-4491","page","type-page","status-publish","hentry"],"_links":{"self":[{"href":"https:\/\/iestpvilcanota.edu.pe\/index.php?rest_route=\/wp\/v2\/pages\/4491","targetHints":{"allow":["GET"]}}],"collection":[{"href":"https:\/\/iestpvilcanota.edu.pe\/index.php?rest_route=\/wp\/v2\/pages"}],"about":[{"href":"https:\/\/iestpvilcanota.edu.pe\/index.php?rest_route=\/wp\/v2\/types\/page"}],"author":[{"embeddable":true,"href":"https:\/\/iestpvilcanota.edu.pe\/index.php?rest_route=\/wp\/v2\/users\/5"}],"replies":[{"embeddable":true,"href":"https:\/\/iestpvilcanota.edu.pe\/index.php?rest_route=%2Fwp%2Fv2%2Fcomments&post=4491"}],"version-history":[{"count":27,"href":"https:\/\/iestpvilcanota.edu.pe\/index.php?rest_route=\/wp\/v2\/pages\/4491\/revisions"}],"predecessor-version":[{"id":4766,"href":"https:\/\/iestpvilcanota.edu.pe\/index.php?rest_route=\/wp\/v2\/pages\/4491\/revisions\/4766"}],"wp:attachment":[{"href":"https:\/\/iestpvilcanota.edu.pe\/index.php?rest_route=%2Fwp%2Fv2%2Fmedia&parent=4491"}],"curies":[{"name":"wp","href":"https:\/\/api.w.org\/{rel}","templated":true}]}}